{"id":1367,"date":"2025-10-23T08:04:45","date_gmt":"2025-10-23T08:04:45","guid":{"rendered":"https:\/\/dgepa.meci.pt\/?page_id=1367"},"modified":"2026-03-27T12:10:05","modified_gmt":"2026-03-27T12:10:05","slug":"homepage","status":"publish","type":"page","link":"https:\/\/dgepa.meci.pt\/en\/","title":{"rendered":"Homepage"},"content":{"rendered":"\t\t\t\t<section id=block_08ddca3f9448d861357127c367051ff9 class=\"content-block b-hero-slider\">\n\t\t\t\t\t\t\t<div class=\"swiper-container\">\n\t\t\t\t\t<ul class=\"swiper-wrapper\">\n\t\t\t\t\t\t\t\t\t\t\t\t\t\t\t\t\t\t\t\t<li class=\"swiper-slide --color-white\">\n\t\t\t\t\t\t\t\t<div class=\"media\">\n\t\t\t\t\t\t\t\t\t\t\t\t\t\t\t\t\t\t\t<div class=\"image\"><img loading=\"lazy\" decoding=\"async\" width=\"1440\" height=\"500\" src=\"https:\/\/dgepa.meci.pt\/wp-content\/uploads\/2026\/03\/Hero_DGEPA.jpg\" class=\"attachment-full size-full\" alt=\"Hero_DGEPA\" srcset=\"https:\/\/dgepa.meci.pt\/wp-content\/uploads\/2026\/03\/Hero_DGEPA.jpg 1440w, https:\/\/dgepa.meci.pt\/wp-content\/uploads\/2026\/03\/Hero_DGEPA-300x104.jpg 300w, https:\/\/dgepa.meci.pt\/wp-content\/uploads\/2026\/03\/Hero_DGEPA-1024x356.jpg 1024w, https:\/\/dgepa.meci.pt\/wp-content\/uploads\/2026\/03\/Hero_DGEPA-768x267.jpg 768w, https:\/\/dgepa.meci.pt\/wp-content\/uploads\/2026\/03\/Hero_DGEPA-18x6.jpg 18w\" sizes=\"auto, (max-width: 1440px) 100vw, 1440px\" \/><\/div>\n\t\t\t\t\t\t\t\t\t\t\t\t\t\t\t\t\t<\/div>\n\t\t\t\t\t\t\t\t<div class=\"container\">\n\t\t\t\t\t\t\t\t\t<div class=\"info\">\n\t\t\t\t\t\t\t\t\t\t\t\t\t\t\t\t\t\t\t\t\t\t\t\t\t\t\t\t\t\t\t<h2 class=\"title\">Dire\u00e7\u00e3o-Geral de Estudos, Planeamento e Avalia\u00e7\u00e3o<\/h2>\t\t\t\t\t\t\t\t\t\t\t\t\t\t\t\t\t\t\t\t\t\t\t\t\t\t\t\t\t\t\t<div class=\"c-description\"><p>A Dire\u00e7\u00e3o-Geral de Estudos, Planeamento e Avalia\u00e7\u00e3o (DGEPA) apoia tecnicamente a defini\u00e7\u00e3o das prioridades estrat\u00e9gicas do Minist\u00e9rio da Educa\u00e7\u00e3o, Ci\u00eancia e Inova\u00e7\u00e3o, assegurando o acompanhamento, monitoriza\u00e7\u00e3o e avalia\u00e7\u00e3o das pol\u00edticas p\u00fablicas e dos resultados alcan\u00e7ados.<\/p>\n<\/div>\n\t\t\t\t\t\t\t\t\t\t\t\t\t\t\t\t\t\t\t\t\t\t\t\t\t\t\t\t\t\t\t<div class=\"btn-wrapper\">\n\t\t\t\t\t\t\t\t\t\t\t\t<a class=\"c-button --outlined --black\" href=\"https:\/\/dgepa.meci.pt\/sobre\/\" target=\"_self\">Conhe\u00e7a a DGEPA<\/a>\t\t\t\t\t\t\t\t\t\t\t<\/div>\n\t\t\t\t\t\t\t\t\t\t\t\t\t\t\t\t\t\t\t<\/div>\n\t\t\t\t\t\t\t\t<\/div>\n\n\t\t\t\t\t\t\t<\/li>\n\t\t\t\t\t\t\t\t\t\t\t<\/ul>\n\t\t\t\t<\/div>\n\t\t\t\t\t\t\t\n\t\t<\/section>\n\t\n\n\n\t\t\t\t<section id=block_0fbc257fef84dda99510ad63104e9865 class=\"content-block b-image-text --bg-gray --img-right\">\n\n\t\t\t<div class=\"container\">\n\t\t\t\t\t\t\t\t\t<div class=\"image\"><img loading=\"lazy\" decoding=\"async\" width=\"568\" height=\"379\" src=\"https:\/\/dgepa.meci.pt\/wp-content\/uploads\/2026\/03\/DGEPA_Missao.jpg\" class=\"attachment-full size-full\" alt=\"DGEPA_Missao\" srcset=\"https:\/\/dgepa.meci.pt\/wp-content\/uploads\/2026\/03\/DGEPA_Missao.jpg 568w, https:\/\/dgepa.meci.pt\/wp-content\/uploads\/2026\/03\/DGEPA_Missao-300x200.jpg 300w, https:\/\/dgepa.meci.pt\/wp-content\/uploads\/2026\/03\/DGEPA_Missao-18x12.jpg 18w\" sizes=\"auto, (max-width: 568px) 100vw, 568px\" \/><\/div>\n\t\t\t\t\t\t\t\t<div class=\"info\">\n\t\t\t\t\t\t\t\t\t\t\t\t\t\t\t\t<h2 class=\"title\">O que fazemos<\/h2>\t\t\t\t\t\t\t\t\t\t\t\t\t\t\t\t<div class=\"c-description\"><p>A DGEPA desenvolve a sua atividade nas \u00e1reas de estudos estrat\u00e9gicos, planeamento, coordena\u00e7\u00e3o or\u00e7amental, avalia\u00e7\u00e3o de desempenho, estat\u00edsticas internacionais e rela\u00e7\u00f5es europeias e multilaterais.<\/p>\n<\/div>\n\t\t\t\t\t\t\t\t\t\t\t\t\t\t\t\t<div class=\"btn-wrapper\">\n\t\t\t\t\t\t\t<a class=\"c-button --brand\" href=\"https:\/\/dgepa.meci.pt\/sobre\/\" target=\"_self\">Saber mais<\/a>\t\t\t\t\t\t\t\t\t\t\t\t\t<\/div>\n\t\t\t\t\t\t\t\t\t<\/div>\n\t\t\t<\/div>\n\n\t\t<\/section>\n\t\n\n\n\t\t\t\t<section id=block_c21c7274e16877f5122cbd2b5ac5d131 class=\"content-block b-news --bg-gray\">\n\n\t\t\t<div class=\"c-section-intro --align-center\">\n\t<div class=\"container\">\n\t\t\t\t\t<span class=\"caption\">Not\u00edcias<\/span>\t\t\t\t\t<h2 class=\"headline-1\">Avisos e Not\u00edcias<\/h2>\t\t\t\t\t<\/div>\n<\/div>\n\n\t\t\t\n\t\t\t\t\t\t\t<div class=\"container\">\n\t\t\t\t\t<div class=\"news-list\">\n\t\t\t\t\t\t\t\t\t\t\t\t\t<div class=\"c-news-item\">\n\t<div id=\"TranslatedTitle\" style=\"display: none;\">\n\t\t&lt;span data-no-translation&gt;DGEPA acompanha indicadores internacionais de educa\u00e7\u00e3o e ci\u00eancia&lt;\/span&gt;\t<\/div>\n\n\t\n\t\t\t<div class=\"image\"><img loading=\"lazy\" decoding=\"async\" width=\"568\" height=\"379\" src=\"https:\/\/dgepa.meci.pt\/wp-content\/uploads\/2026\/03\/Cards_DGEPA.png\" class=\"attachment-card-thumb size-card-thumb\" alt=\"Logo DGEPA\" srcset=\"https:\/\/dgepa.meci.pt\/wp-content\/uploads\/2026\/03\/Cards_DGEPA.png 568w, https:\/\/dgepa.meci.pt\/wp-content\/uploads\/2026\/03\/Cards_DGEPA-300x200.png 300w, https:\/\/dgepa.meci.pt\/wp-content\/uploads\/2026\/03\/Cards_DGEPA-18x12.png 18w\" sizes=\"auto, (max-width: 568px) 100vw, 568px\" \/><\/div>\t<div class=\"info\">\n\t\t\t\t<span class=\"date\">27 Mar 2026<\/span>\n\t\t<h3 class=\"title\"><span>DGEPA acompanha indicadores internacionais de educa\u00e7\u00e3o e ci\u00eancia<\/span><\/h3>\t\t\t\t\t<div class=\"c-description\">\n\t\t\t\t<p>A Dire\u00e7\u00e3o-Geral de Estudos, Planeamento e Avalia\u00e7\u00e3o (DGEPA) assegura o acompanhamento dos sistemas de educa\u00e7\u00e3o, ci\u00eancia e inova\u00e7\u00e3o no contexto europeu e internacional, contribuindo para a an\u00e1lise comparada e para o alinhamento com as melhores pr\u00e1ticas. No \u00e2mbito das suas atribui\u00e7\u00f5es, a DGEPA participa na recolha e an\u00e1lise de indicadores internacionais, em articula\u00e7\u00e3o com organismos [&hellip;]<\/p>\t\t\t<\/div>\n\t\t\t\t\t\t<div class=\"btn-wrapper\"><a href=\"https:\/\/dgepa.meci.pt\/en\/dgepa-acompanha-indicadores-internacionais-de-educacao-e-ciencia\/\" class=\"c-icon-button\" title=\"Ir para DGEPA acompanha indicadores internacionais de educa\u00e7\u00e3o e ci\u00eancia\"><i class=\"icon-material\" aria-hidden=\"true\" data-icon=\"arrow_forward\"><\/i><\/a><\/div>\n\t<\/div>\n<\/div>\n\t\t\t\t\t\t\t\t\t\t\t\t\t<div class=\"c-news-item\">\n\t<div id=\"TranslatedTitle\" style=\"display: none;\">\n\t\t&lt;span data-no-translation&gt;DGEPA refor\u00e7a o acompanhamento das pol\u00edticas p\u00fablicas do MECI&lt;\/span&gt;\t<\/div>\n\n\t\n\t\t\t<div class=\"image\"><img loading=\"lazy\" decoding=\"async\" width=\"568\" height=\"379\" src=\"https:\/\/dgepa.meci.pt\/wp-content\/uploads\/2026\/03\/Cards_DGEPA.png\" class=\"attachment-card-thumb size-card-thumb\" alt=\"Logo DGEPA\" srcset=\"https:\/\/dgepa.meci.pt\/wp-content\/uploads\/2026\/03\/Cards_DGEPA.png 568w, https:\/\/dgepa.meci.pt\/wp-content\/uploads\/2026\/03\/Cards_DGEPA-300x200.png 300w, https:\/\/dgepa.meci.pt\/wp-content\/uploads\/2026\/03\/Cards_DGEPA-18x12.png 18w\" sizes=\"auto, (max-width: 568px) 100vw, 568px\" \/><\/div>\t<div class=\"info\">\n\t\t\t\t<span class=\"date\">27 Mar 2026<\/span>\n\t\t<h3 class=\"title\"><span>DGEPA refor\u00e7a o acompanhamento das pol\u00edticas p\u00fablicas do MECI<\/span><\/h3>\t\t\t\t\t<div class=\"c-description\">\n\t\t\t\t<p>A Dire\u00e7\u00e3o-Geral de Estudos, Planeamento e Avalia\u00e7\u00e3o (DGEPA) refor\u00e7a o acompanhamento e a monitoriza\u00e7\u00e3o das pol\u00edticas p\u00fablicas do Minist\u00e9rio da Educa\u00e7\u00e3o, Ci\u00eancia e Inova\u00e7\u00e3o (MECI), atrav\u00e9s do desenvolvimento de instrumentos t\u00e9cnicos e metodol\u00f3gicos de apoio \u00e0 decis\u00e3o. No \u00e2mbito das suas compet\u00eancias, a DGEPA promove a recolha, sistematiza\u00e7\u00e3o e an\u00e1lise de informa\u00e7\u00e3o relevante, assegurando o [&hellip;]<\/p>\t\t\t<\/div>\n\t\t\t\t\t\t<div class=\"btn-wrapper\"><a href=\"https:\/\/dgepa.meci.pt\/en\/dgepa-reforca-o-acompanhamento-das-politicas-publicas-do-meci\/\" class=\"c-icon-button\" title=\"Ir para DGEPA refor\u00e7a o acompanhamento das pol\u00edticas p\u00fablicas do MECI\"><i class=\"icon-material\" aria-hidden=\"true\" data-icon=\"arrow_forward\"><\/i><\/a><\/div>\n\t<\/div>\n<\/div>\n\t\t\t\t\t\t\t\t\t\t\t\t\t<div class=\"c-news-item\">\n\t<div id=\"TranslatedTitle\" style=\"display: none;\">\n\t\t&lt;span data-no-translation&gt;DGEPA inicia atividade no \u00e2mbito do Minist\u00e9rio da Educa\u00e7\u00e3o, Ci\u00eancia e Inova\u00e7\u00e3o&lt;\/span&gt;\t<\/div>\n\n\t\n\t\t\t<div class=\"image\"><img loading=\"lazy\" decoding=\"async\" width=\"568\" height=\"379\" src=\"https:\/\/dgepa.meci.pt\/wp-content\/uploads\/2026\/03\/Cards_DGEPA.png\" class=\"attachment-card-thumb size-card-thumb\" alt=\"Logo DGEPA\" srcset=\"https:\/\/dgepa.meci.pt\/wp-content\/uploads\/2026\/03\/Cards_DGEPA.png 568w, https:\/\/dgepa.meci.pt\/wp-content\/uploads\/2026\/03\/Cards_DGEPA-300x200.png 300w, https:\/\/dgepa.meci.pt\/wp-content\/uploads\/2026\/03\/Cards_DGEPA-18x12.png 18w\" sizes=\"auto, (max-width: 568px) 100vw, 568px\" \/><\/div>\t<div class=\"info\">\n\t\t\t\t<span class=\"date\">27 Mar 2026<\/span>\n\t\t<h3 class=\"title\"><span>DGEPA inicia atividade no \u00e2mbito do Minist\u00e9rio da Educa\u00e7\u00e3o, Ci\u00eancia e Inova\u00e7\u00e3o<\/span><\/h3>\t\t\t\t\t<div class=\"c-description\">\n\t\t\t\t<p>A Dire\u00e7\u00e3o-Geral de Estudos, Planeamento e Avalia\u00e7\u00e3o (DGEPA) iniciou a sua atividade enquanto servi\u00e7o da administra\u00e7\u00e3o direta do Estado, integrado no Minist\u00e9rio da Educa\u00e7\u00e3o, Ci\u00eancia e Inova\u00e7\u00e3o (MECI). Criada pelo Decreto-Lei n.\u00ba 125\/2025, a DGEPA tem como miss\u00e3o apoiar tecnicamente a defini\u00e7\u00e3o das prioridades estrat\u00e9gicas e das pol\u00edticas p\u00fablicas nas \u00e1reas da educa\u00e7\u00e3o, ci\u00eancia e [&hellip;]<\/p>\t\t\t<\/div>\n\t\t\t\t\t\t<div class=\"btn-wrapper\"><a href=\"https:\/\/dgepa.meci.pt\/en\/dgepa-inicia-atividade-no-ambito-do-ministerio-da-educacao-ciencia-e-inovacao\/\" class=\"c-icon-button\" title=\"Ir para DGEPA inicia atividade no \u00e2mbito do Minist\u00e9rio da Educa\u00e7\u00e3o, Ci\u00eancia e Inova\u00e7\u00e3o\"><i class=\"icon-material\" aria-hidden=\"true\" data-icon=\"arrow_forward\"><\/i><\/a><\/div>\n\t<\/div>\n<\/div>\n\t\t\t\t\t\t\t\t\t\t\t<\/div>\n\t\t\t\t<\/div>\n\t\t\t\n\t\t<\/section>\n\t\n","protected":false},"excerpt":{"rendered":"","protected":false},"author":2,"featured_media":0,"parent":0,"menu_order":0,"comment_status":"closed","ping_status":"closed","template":"","meta":{"_acf_changed":false,"footnotes":""},"class_list":["post-1367","page","type-page","status-publish","hentry"],"acf":[],"yoast_head":"<!-- This site is optimized with the Yoast SEO plugin v27.5 - https:\/\/yoast.com\/product\/yoast-seo-wordpress\/ -->\n<title>Homepage - DGEPA<\/title>\n<meta name=\"robots\" content=\"index, follow, max-snippet:-1, max-image-preview:large, max-video-preview:-1\" \/>\n<link rel=\"canonical\" href=\"https:\/\/dev.dgepa.meci.pt\/\" \/>\n<meta property=\"og:locale\" content=\"en_GB\" \/>\n<meta property=\"og:type\" content=\"article\" \/>\n<meta property=\"og:title\" content=\"Homepage - DGEPA\" \/>\n<meta property=\"og:url\" content=\"https:\/\/dev.dgepa.meci.pt\/\" \/>\n<meta property=\"og:site_name\" content=\"DGEPA\" \/>\n<meta property=\"article:modified_time\" content=\"2026-03-27T12:10:05+00:00\" \/>\n<meta name=\"twitter:card\" content=\"summary_large_image\" \/>\n<script type=\"application\/ld+json\" class=\"yoast-schema-graph\">{\"@context\":\"https:\\\/\\\/schema.org\",\"@graph\":[{\"@type\":\"WebPage\",\"@id\":\"https:\\\/\\\/dev.dgepa.meci.pt\\\/\",\"url\":\"https:\\\/\\\/dev.dgepa.meci.pt\\\/\",\"name\":\"Homepage - DGEPA\",\"isPartOf\":{\"@id\":\"https:\\\/\\\/dev.dgepa.meci.pt\\\/#website\"},\"datePublished\":\"2025-10-23T08:04:45+00:00\",\"dateModified\":\"2026-03-27T12:10:05+00:00\",\"breadcrumb\":{\"@id\":\"https:\\\/\\\/dev.dgepa.meci.pt\\\/#breadcrumb\"},\"inLanguage\":\"en-GB\",\"potentialAction\":[{\"@type\":\"ReadAction\",\"target\":[\"https:\\\/\\\/dev.dgepa.meci.pt\\\/\"]}]},{\"@type\":\"BreadcrumbList\",\"@id\":\"https:\\\/\\\/dev.dgepa.meci.pt\\\/#breadcrumb\",\"itemListElement\":[{\"@type\":\"ListItem\",\"position\":1,\"name\":\"Home\",\"item\":\"https:\\\/\\\/dev.dgepa.meci.pt\\\/\"},{\"@type\":\"ListItem\",\"position\":2,\"name\":\"Homepage\"}]},{\"@type\":\"WebSite\",\"@id\":\"https:\\\/\\\/dev.dgepa.meci.pt\\\/#website\",\"url\":\"https:\\\/\\\/dev.dgepa.meci.pt\\\/\",\"name\":\"DGEPA\",\"description\":\"Dire\u00e7\u00e3o-Geral de Estudos, Planeamento e Avalia\u00e7\u00e3o\",\"potentialAction\":[{\"@type\":\"SearchAction\",\"target\":{\"@type\":\"EntryPoint\",\"urlTemplate\":\"https:\\\/\\\/dev.dgepa.meci.pt\\\/?s={search_term_string}\"},\"query-input\":{\"@type\":\"PropertyValueSpecification\",\"valueRequired\":true,\"valueName\":\"search_term_string\"}}],\"inLanguage\":\"en-GB\"}]}<\/script>\n<!-- \/ Yoast SEO plugin. -->","yoast_head_json":{"title":"Homepage - DGEPA","robots":{"index":"index","follow":"follow","max-snippet":"max-snippet:-1","max-image-preview":"max-image-preview:large","max-video-preview":"max-video-preview:-1"},"canonical":"https:\/\/dev.dgepa.meci.pt\/","og_locale":"en_GB","og_type":"article","og_title":"Homepage - DGEPA","og_url":"https:\/\/dev.dgepa.meci.pt\/","og_site_name":"DGEPA","article_modified_time":"2026-03-27T12:10:05+00:00","twitter_card":"summary_large_image","schema":{"@context":"https:\/\/schema.org","@graph":[{"@type":"WebPage","@id":"https:\/\/dev.dgepa.meci.pt\/","url":"https:\/\/dev.dgepa.meci.pt\/","name":"Homepage - DGEPA","isPartOf":{"@id":"https:\/\/dev.dgepa.meci.pt\/#website"},"datePublished":"2025-10-23T08:04:45+00:00","dateModified":"2026-03-27T12:10:05+00:00","breadcrumb":{"@id":"https:\/\/dev.dgepa.meci.pt\/#breadcrumb"},"inLanguage":"en-GB","potentialAction":[{"@type":"ReadAction","target":["https:\/\/dev.dgepa.meci.pt\/"]}]},{"@type":"BreadcrumbList","@id":"https:\/\/dev.dgepa.meci.pt\/#breadcrumb","itemListElement":[{"@type":"ListItem","position":1,"name":"Home","item":"https:\/\/dev.dgepa.meci.pt\/"},{"@type":"ListItem","position":2,"name":"Homepage"}]},{"@type":"WebSite","@id":"https:\/\/dev.dgepa.meci.pt\/#website","url":"https:\/\/dev.dgepa.meci.pt\/","name":"DGEPA","description":"Directorate-General for Studies, Planning and Evaluation","potentialAction":[{"@type":"SearchAction","target":{"@type":"EntryPoint","urlTemplate":"https:\/\/dev.dgepa.meci.pt\/?s={search_term_string}"},"query-input":{"@type":"PropertyValueSpecification","valueRequired":true,"valueName":"search_term_string"}}],"inLanguage":"en-GB"}]}},"_links":{"self":[{"href":"https:\/\/dgepa.meci.pt\/en\/wp-json\/wp\/v2\/pages\/1367","targetHints":{"allow":["GET"]}}],"collection":[{"href":"https:\/\/dgepa.meci.pt\/en\/wp-json\/wp\/v2\/pages"}],"about":[{"href":"https:\/\/dgepa.meci.pt\/en\/wp-json\/wp\/v2\/types\/page"}],"author":[{"embeddable":true,"href":"https:\/\/dgepa.meci.pt\/en\/wp-json\/wp\/v2\/users\/2"}],"replies":[{"embeddable":true,"href":"https:\/\/dgepa.meci.pt\/en\/wp-json\/wp\/v2\/comments?post=1367"}],"version-history":[{"count":96,"href":"https:\/\/dgepa.meci.pt\/en\/wp-json\/wp\/v2\/pages\/1367\/revisions"}],"predecessor-version":[{"id":3292,"href":"https:\/\/dgepa.meci.pt\/en\/wp-json\/wp\/v2\/pages\/1367\/revisions\/3292"}],"wp:attachment":[{"href":"https:\/\/dgepa.meci.pt\/en\/wp-json\/wp\/v2\/media?parent=1367"}],"curies":[{"name":"wp","href":"https:\/\/api.w.org\/{rel}","templated":true}]}}