{"id":14,"date":"2025-10-13T11:53:54","date_gmt":"2025-10-13T11:53:54","guid":{"rendered":"https:\/\/dgepa.meci.pt\/?page_id=14"},"modified":"2026-04-30T17:26:46","modified_gmt":"2026-04-30T17:26:46","slug":"sobre","status":"publish","type":"page","link":"https:\/\/dgepa.meci.pt\/en\/sobre\/","title":{"rendered":"About"},"content":{"rendered":"<section id=\"block_25080d94c467ff53b594d665ad5feea0\" class=\"content-block b-image-text --bg-white --img-right\">\n\n\t\t\t<div class=\"container\">\n\t\t\t\t\t\t\t\t\t<div class=\"image\"><img decoding=\"async\" src=\"https:\/\/dgepa.meci.pt\/wp-content\/uploads\/2026\/03\/Versoes_Logo-DGEPA_rgb_versao-principal-cores-A.svg\" class=\"attachment-full size-full\" alt=\"Logotipo DGEPA\" \/><\/div>\n\t\t\t\t\t\t\t\t<div class=\"info\">\n\t\t\t\t\t\t\t\t\t\t\t\t\t\t\t\t<h1 class=\"title\">About DGEPA<\/h1>\t\t\t\t\t\t\t\t\t\t\t\t\t\t\t\t<div class=\"c-description\"><p>A Dire\u00e7\u00e3o-Geral de Estudos, Planeamento e Avalia\u00e7\u00e3o (DGEPA), criada pelo Decreto-Lei n.\u00ba 125\/2025, \u00e9 um servi\u00e7o da administra\u00e7\u00e3o direta do Estado, dotado de autonomia administrativa, que integra o MECI.<\/p>\n<p>Tem como objetivo apoiar tecnicamente a defini\u00e7\u00e3o das prioridades estrat\u00e9gicas e das pol\u00edticas p\u00fablicas nas \u00e1reas da educa\u00e7\u00e3o, ci\u00eancia e inova\u00e7\u00e3o, bem como promover, em coordena\u00e7\u00e3o com os demais servi\u00e7os e organismos do MECI, o acompanhamento e a avalia\u00e7\u00e3o da sua implementa\u00e7\u00e3o e dos resultados obtidos, nos dom\u00ednios do planeamento estrat\u00e9gico, da monitoriza\u00e7\u00e3o e da coopera\u00e7\u00e3o internacional.<\/p>\n<\/div>\n\t\t\t\t\t\t\t\t\t\t\t\t\t\t<\/div>\n\t\t\t<\/div>\n\n\t\t<\/section>\n\t\n\n\n\t\t\t\t<section id=\"block_8784f2c4bcb1031b99441d01b517a447\" class=\"content-block b-page-header --align-center --bg-gray --color-black\">\n\t\t\t\t\t\t<div class=\"container\">\n\t\t\t\t<div class=\"info\">\n\t\t\t\t\t\t\t\t\t\t\t\t\t\t\t\t<h2 class=\"title\">Mission<\/h2>\t\t\t\t\t\t\t\t\t\t\t\t\t\t\t\t<div class=\"c-description\"><p><strong>A DGEPA tem por miss\u00e3o apoiar tecnicamente a defini\u00e7\u00e3o das prioridades estrat\u00e9gicas e das pol\u00edticas do MECI, promovendo o acompanhamento, a monitoriza\u00e7\u00e3o e a avalia\u00e7\u00e3o da sua implementa\u00e7\u00e3o e dos resultados alcan\u00e7ados.<\/strong><\/p>\n<\/div>\n\t\t\t\t\t\t\t\t\t\t\t\t\t\t<\/div>\n\t\t\t\t\t\t\t<\/div>\n\n\t\t<\/section>\n\t\n\n\n\t\t\t\t<section id=\"block_b79c1bada1fa09cd9835d8045be3f70e\" class=\"content-block b-cards-section --bg-white --color-black --row-3-items --cards-image\">\n\n\t\t\t<div class=\"c-section-intro --align-center\">\n\t<div class=\"container\">\n\t\t\t\t\t\t\t<h2 class=\"headline-1\">Direction<\/h2>\t\t\t\t\t<\/div>\n<\/div>\n\n\t\t\t<div class=\"container\">\n\t\t\t\t\t\t\t\t\t\t\t\t\t\t\t\t\t\t\t\t\t\t\t\t\t\t<div class=\"cards-list --align-center\">\n\t\t\t\t\t\t\t\t\t\t\t\t\t\t\t<div id=\"originalText\" style=\"display: none;\">&lt;span data-no-translation&gt;Margarida Rodrigues&lt;\/span&gt;<\/div>\t<div class=\"c-card-image --has-button\">\n\t\t\t\t\t<div class=\"image\"><img loading=\"lazy\" decoding=\"async\" width=\"568\" height=\"379\" src=\"https:\/\/dgepa.meci.pt\/wp-content\/uploads\/2026\/03\/Cards_DGEPA.png\" class=\"attachment-card-thumb size-card-thumb\" alt=\"Logo DGEPA\" srcset=\"https:\/\/dgepa.meci.pt\/wp-content\/uploads\/2026\/03\/Cards_DGEPA.png 568w, https:\/\/dgepa.meci.pt\/wp-content\/uploads\/2026\/03\/Cards_DGEPA-300x200.png 300w, https:\/\/dgepa.meci.pt\/wp-content\/uploads\/2026\/03\/Cards_DGEPA-18x12.png 18w\" sizes=\"auto, (max-width: 568px) 100vw, 568px\" \/><\/div>\t\t<div class=\"info\">\n\t\t\t\t\t\t\t<span class=\"caption\">General Director<\/span>\t\t\t<h3 class=\"title\"><span>Margarida Rodrigues<\/span><\/h3>\t\t\t\t\t\t\t\t\t\t\t\t\t\t\t\t\t<div class=\"btn-wrapper\">\n\t\t\t\t\t<a href=\"https:\/\/diariodarepublica.pt\/dr\/detalhe\/despacho\/11662-a-2025-938108815\" target=\"_blank\" class=\"c-icon-button\" title=\"Ir para Margarida Rodrigues\"><i class=\"icon-material\" aria-hidden=\"true\" data-icon=\"arrow_forward\"><\/i><\/a>\n\t\t\t\t<\/div>\n\t\t\t\t\t<\/div>\n\t<\/div>\n\t\t\t\t\t\t\t\t\t\t\t\t\t\t\t<div id=\"originalText\" style=\"display: none;\">&lt;span data-no-translation&gt;Tiago Mendes&lt;\/span&gt;<\/div>\t<div class=\"c-card-image --has-button\">\n\t\t\t\t\t<div class=\"image\"><img loading=\"lazy\" decoding=\"async\" width=\"568\" height=\"379\" src=\"https:\/\/dgepa.meci.pt\/wp-content\/uploads\/2026\/03\/Cards_DGEPA.png\" class=\"attachment-card-thumb size-card-thumb\" alt=\"Logo DGEPA\" srcset=\"https:\/\/dgepa.meci.pt\/wp-content\/uploads\/2026\/03\/Cards_DGEPA.png 568w, https:\/\/dgepa.meci.pt\/wp-content\/uploads\/2026\/03\/Cards_DGEPA-300x200.png 300w, https:\/\/dgepa.meci.pt\/wp-content\/uploads\/2026\/03\/Cards_DGEPA-18x12.png 18w\" sizes=\"auto, (max-width: 568px) 100vw, 568px\" \/><\/div>\t\t<div class=\"info\">\n\t\t\t\t\t\t\t<span class=\"caption\">Deputy Director General<\/span>\t\t\t<h3 class=\"title\"><span>Tiago Mendes<\/span><\/h3>\t\t\t\t\t\t\t\t\t\t\t\t\t\t\t\t\t<div class=\"btn-wrapper\">\n\t\t\t\t\t<a href=\"https:\/\/diariodarepublica.pt\/dr\/detalhe\/despacho\/12670-2025-942958318\" target=\"_blank\" class=\"c-icon-button\" title=\"Ir para Tiago Mendes\"><i class=\"icon-material\" aria-hidden=\"true\" data-icon=\"arrow_forward\"><\/i><\/a>\n\t\t\t\t<\/div>\n\t\t\t\t\t<\/div>\n\t<\/div>\n\t\t\t\t\t\t\t\t\t\t\t\t\t\t\t<div id=\"originalText\" style=\"display: none;\">&lt;span data-no-translation&gt;Sofia Cordeiro&lt;\/span&gt;<\/div>\t<div class=\"c-card-image --has-button\">\n\t\t\t\t\t<div class=\"image\"><img loading=\"lazy\" decoding=\"async\" width=\"568\" height=\"379\" src=\"https:\/\/dgepa.meci.pt\/wp-content\/uploads\/2026\/03\/Cards_DGEPA.png\" class=\"attachment-card-thumb size-card-thumb\" alt=\"Logo DGEPA\" srcset=\"https:\/\/dgepa.meci.pt\/wp-content\/uploads\/2026\/03\/Cards_DGEPA.png 568w, https:\/\/dgepa.meci.pt\/wp-content\/uploads\/2026\/03\/Cards_DGEPA-300x200.png 300w, https:\/\/dgepa.meci.pt\/wp-content\/uploads\/2026\/03\/Cards_DGEPA-18x12.png 18w\" sizes=\"auto, (max-width: 568px) 100vw, 568px\" \/><\/div>\t\t<div class=\"info\">\n\t\t\t\t\t\t\t<span class=\"caption\">Deputy Director General<\/span>\t\t\t<h3 class=\"title\"><span>Sofia Cordeiro<\/span><\/h3>\t\t\t\t\t\t\t\t\t\t\t\t\t\t\t\t\t<div class=\"btn-wrapper\">\n\t\t\t\t\t<a href=\"https:\/\/diariodarepublica.pt\/dr\/detalhe\/despacho\/13947-2025-951113544\" target=\"_blank\" class=\"c-icon-button\" title=\"Ir para Sofia Cordeiro\"><i class=\"icon-material\" aria-hidden=\"true\" data-icon=\"arrow_forward\"><\/i><\/a>\n\t\t\t\t<\/div>\n\t\t\t\t\t<\/div>\n\t<\/div>\n\t\t\t\t\t\t\t\t\t\t\t\t\t<\/div>\n\t\t\t\t\t\t\t\t\t\n\t\t\t\t\t\t\t<\/div>\n\n\t\t<\/section>\n\t\n\n\n\t\t\t\t<section id=\"block_0ee6ac2cbbe6b07099ad2f785e4b741c\" class=\"content-block b-cards-section --bg-gray --color-black --row-2-items --cards-info\">\n\n\t\t\t<div class=\"c-section-intro --align-center\">\n\t<div class=\"container\">\n\t\t\t\t\t<span class=\"caption\">Documents<\/span>\t\t\t\t\t<h2 class=\"headline-1\">Legal Framework<\/h2>\t\t\t\t\t\t\t<div class=\"text c-description\"><p>Find here the legal regulations that govern the activities of DGEPA:<\/p>\n<\/div>\t<\/div>\n<\/div>\n\n\t\t\t<div class=\"container\">\n\t\t\t\t\t\t\t\t\t\t\t\t\t\t\t\t\t\t\t\t\t\t\t\t\t\t<div class=\"cards-list --align-left --bg-white --border-gray\">\n\t\t\t\t\t\t\t\t\t\t\t\t\t\t\t\t\t\t\t\t\t\t\t<div class=\"c-card-info --has-button\">\n\t\t<div class=\"info\">\n\t\t\t\t\t\t\t<div class=\"icon\"><i class=\"icon-material\" data-icon=\"docs\"><\/i><\/div>\t\t\t<h3 class=\"title\"><span>Decree-Law No. 125\/2025<\/span><\/h3>\t\t\t\t\t\t\t<div class=\"c-description\">\n\t\t\t\t\t<p>It creates the Directorate-General for Studies, Planning and Evaluation and approves its organizational structure.<\/p>\n\t\t\t\t<\/div>\n\t\t\t\t\t\t\t\t\t\t\t\t\t\t<div class=\"btn-wrapper\">\n\t\t\t\t\t<a href=\"https:\/\/diariodarepublica.pt\/dr\/detalhe\/decreto-lei\/101-2025-934454752\" target=\"_blank\" class=\"c-icon-button stretched-link\" title=\"Ir paraIr para Decreto-Lei n.\u00ba 125\/2025\"><i class=\"icon-material\" aria-hidden=\"true\" data-icon=\"arrow_forward\"><\/i><\/a>\n\t\t\t\t<\/div>\n\t\t\t\t\t<\/div>\n\t<\/div>\n\t\t\t\t\t\t\t\t\t\t\t\t\t\t\t\t\t\t\t\t\t\t\t\t<div class=\"c-card-info --has-button\">\n\t\t<div class=\"info\">\n\t\t\t\t\t\t\t<div class=\"icon\"><i class=\"icon-material\" data-icon=\"docs\"><\/i><\/div>\t\t\t<h3 class=\"title\"><span>Order No. 386\/2025\/1<\/span><\/h3>\t\t\t\t\t\t\t<div class=\"c-description\">\n\t\t\t\t\t<p>Approves the core structure of DGEPA and sets the maximum number of flexible organizational units.<\/p>\n\t\t\t\t<\/div>\n\t\t\t\t\t\t\t\t\t\t\t\t\t\t<div class=\"btn-wrapper\">\n\t\t\t\t\t<a href=\"https:\/\/diariodarepublica.pt\/dr\/detalhe\/portaria\/386-2025-945692106\" target=\"_blank\" class=\"c-icon-button stretched-link\" title=\"Ir paraIr para Portaria n.\u00ba 386\/2025\/1\"><i class=\"icon-material\" aria-hidden=\"true\" data-icon=\"arrow_forward\"><\/i><\/a>\n\t\t\t\t<\/div>\n\t\t\t\t\t<\/div>\n\t<\/div>\n\t\t\t\t\t\t\t\t\t\t\t\t\t\t\t\t\t\t\t\t\t<\/div>\n\t\t\t\t\t\t\t\t\t\n\t\t\t\t\t\t\t\t\t<div class=\"btn-wrapper\"><a class=\"c-button --brand\" href=\"https:\/\/dgepa.meci.pt\/en\/documentos\/\" target=\"_self\">Consult all documents<\/a><\/div>\n\t\t\t\t\t\t\t<\/div>\n\n\t\t<\/section>\n\t\n\n\n\t\t\t\t<section id=\"block_335ff60a1ee1645a27a2baf7b246d903\" class=\"content-block b-cards-section --bg-white --color-black --row-4-items --cards-image\">\n\n\t\t\t<div class=\"c-section-intro --align-center\">\n\t<div class=\"container\">\n\t\t\t\t\t\t\t<h2 class=\"headline-1\">Organizational chart<\/h2>\t\t\t\t\t<\/div>\n<\/div>\n\n\t\t\t<div class=\"container\">\n\t\t\t\t\t\t\t\t\t\t\t\t\t\t\t\t\t\t\n\t\t\t\t\t\t\t<\/div>\n\n\t\t<\/section>\n\t\n\n\n\t\t<section  id=\"block_84800074399cbe73cf09318c27540739\" class=\"content-block b-image-grid --cols-1 --ratio-none\">\n\t\t\t<div class=\"container\">\n\t\t\t\t<div class=\"image-grid\">\n\t\t\t\t\t\t\t\t\t\t\t\t\t\t\t\t\t<figure class=\"image-grid__item\">\n\t\t\t\t\t\t\t<div class=\"image-grid__media\">\n\t\t\t\t\t\t\t\t<img width=\"1920\" height=\"1080\" src=\"https:\/\/dgepa.meci.pt\/wp-content\/uploads\/2026\/03\/Organograma-DGEPA-2.png\" class=\"attachment-full size-full\" alt=\"Organograma com divis\u00f5es de apoio, sistemas de informa\u00e7\u00e3o e departamentos de pol\u00edticas p\u00fablicas, or\u00e7amento, rela\u00e7\u00f5es internacionais e gest\u00e3o\" loading=\"lazy\" decoding=\"async\" sizes=\"auto, (min-width: 1025px) 1280px, 100vw\" srcset=\"https:\/\/dgepa.meci.pt\/wp-content\/uploads\/2026\/03\/Organograma-DGEPA-2.png 1920w, https:\/\/dgepa.meci.pt\/wp-content\/uploads\/2026\/03\/Organograma-DGEPA-2-300x169.png 300w, https:\/\/dgepa.meci.pt\/wp-content\/uploads\/2026\/03\/Organograma-DGEPA-2-1024x576.png 1024w, https:\/\/dgepa.meci.pt\/wp-content\/uploads\/2026\/03\/Organograma-DGEPA-2-768x432.png 768w, https:\/\/dgepa.meci.pt\/wp-content\/uploads\/2026\/03\/Organograma-DGEPA-2-1536x864.png 1536w, https:\/\/dgepa.meci.pt\/wp-content\/uploads\/2026\/03\/Organograma-DGEPA-2-18x10.png 18w\" \/>\t\t\t\t\t\t\t<\/div>\n\t\t\t\t\t\t\t\t\t\t\t\t\t<\/figure>\n\t\t\t\t\t\t\t\t\t<\/div>\n\n\t\t\t\t\t\t\t<\/div>\n\t\t<\/section>","protected":false},"excerpt":{"rendered":"","protected":false},"author":2,"featured_media":0,"parent":0,"menu_order":0,"comment_status":"closed","ping_status":"closed","template":"","meta":{"_acf_changed":false,"footnotes":""},"class_list":["post-14","page","type-page","status-publish","hentry"],"acf":[],"yoast_head":"<!-- This site is optimized with the Yoast SEO plugin v27.5 - https:\/\/yoast.com\/product\/yoast-seo-wordpress\/ -->\n<title>Sobre - DGEPA<\/title>\n<meta name=\"robots\" content=\"index, follow, max-snippet:-1, max-image-preview:large, max-video-preview:-1\" \/>\n<link rel=\"canonical\" href=\"https:\/\/dgepa.meci.pt\/en\/sobre\/\" \/>\n<meta property=\"og:locale\" content=\"en_GB\" \/>\n<meta property=\"og:type\" content=\"article\" \/>\n<meta property=\"og:title\" content=\"Sobre - DGEPA\" \/>\n<meta property=\"og:url\" content=\"https:\/\/dgepa.meci.pt\/en\/sobre\/\" \/>\n<meta property=\"og:site_name\" content=\"DGEPA\" \/>\n<meta property=\"article:modified_time\" content=\"2026-04-30T17:26:46+00:00\" \/>\n<meta name=\"twitter:card\" content=\"summary_large_image\" \/>\n<script type=\"application\/ld+json\" class=\"yoast-schema-graph\">{\"@context\":\"https:\\\/\\\/schema.org\",\"@graph\":[{\"@type\":\"WebPage\",\"@id\":\"https:\\\/\\\/dgepa.meci.pt\\\/sobre\\\/\",\"url\":\"https:\\\/\\\/dgepa.meci.pt\\\/sobre\\\/\",\"name\":\"Sobre - DGEPA\",\"isPartOf\":{\"@id\":\"https:\\\/\\\/dev.dgepa.meci.pt\\\/#website\"},\"datePublished\":\"2025-10-13T11:53:54+00:00\",\"dateModified\":\"2026-04-30T17:26:46+00:00\",\"breadcrumb\":{\"@id\":\"https:\\\/\\\/dgepa.meci.pt\\\/sobre\\\/#breadcrumb\"},\"inLanguage\":\"en-GB\",\"potentialAction\":[{\"@type\":\"ReadAction\",\"target\":[\"https:\\\/\\\/dgepa.meci.pt\\\/sobre\\\/\"]}]},{\"@type\":\"BreadcrumbList\",\"@id\":\"https:\\\/\\\/dgepa.meci.pt\\\/sobre\\\/#breadcrumb\",\"itemListElement\":[{\"@type\":\"ListItem\",\"position\":1,\"name\":\"Home\",\"item\":\"https:\\\/\\\/dev.dgepa.meci.pt\\\/\"},{\"@type\":\"ListItem\",\"position\":2,\"name\":\"Sobre\"}]},{\"@type\":\"WebSite\",\"@id\":\"https:\\\/\\\/dev.dgepa.meci.pt\\\/#website\",\"url\":\"https:\\\/\\\/dev.dgepa.meci.pt\\\/\",\"name\":\"DGEPA\",\"description\":\"Dire\u00e7\u00e3o-Geral de Estudos, Planeamento e Avalia\u00e7\u00e3o\",\"potentialAction\":[{\"@type\":\"SearchAction\",\"target\":{\"@type\":\"EntryPoint\",\"urlTemplate\":\"https:\\\/\\\/dev.dgepa.meci.pt\\\/?s={search_term_string}\"},\"query-input\":{\"@type\":\"PropertyValueSpecification\",\"valueRequired\":true,\"valueName\":\"search_term_string\"}}],\"inLanguage\":\"en-GB\"}]}<\/script>\n<!-- \/ Yoast SEO plugin. -->","yoast_head_json":{"title":"Sobre - DGEPA","robots":{"index":"index","follow":"follow","max-snippet":"max-snippet:-1","max-image-preview":"max-image-preview:large","max-video-preview":"max-video-preview:-1"},"canonical":"https:\/\/dgepa.meci.pt\/en\/sobre\/","og_locale":"en_GB","og_type":"article","og_title":"Sobre - DGEPA","og_url":"https:\/\/dgepa.meci.pt\/en\/sobre\/","og_site_name":"DGEPA","article_modified_time":"2026-04-30T17:26:46+00:00","twitter_card":"summary_large_image","schema":{"@context":"https:\/\/schema.org","@graph":[{"@type":"WebPage","@id":"https:\/\/dgepa.meci.pt\/sobre\/","url":"https:\/\/dgepa.meci.pt\/sobre\/","name":"Sobre - DGEPA","isPartOf":{"@id":"https:\/\/dev.dgepa.meci.pt\/#website"},"datePublished":"2025-10-13T11:53:54+00:00","dateModified":"2026-04-30T17:26:46+00:00","breadcrumb":{"@id":"https:\/\/dgepa.meci.pt\/sobre\/#breadcrumb"},"inLanguage":"en-GB","potentialAction":[{"@type":"ReadAction","target":["https:\/\/dgepa.meci.pt\/sobre\/"]}]},{"@type":"BreadcrumbList","@id":"https:\/\/dgepa.meci.pt\/sobre\/#breadcrumb","itemListElement":[{"@type":"ListItem","position":1,"name":"Home","item":"https:\/\/dev.dgepa.meci.pt\/"},{"@type":"ListItem","position":2,"name":"Sobre"}]},{"@type":"WebSite","@id":"https:\/\/dev.dgepa.meci.pt\/#website","url":"https:\/\/dev.dgepa.meci.pt\/","name":"DGEPA","description":"Directorate-General for Studies, Planning and Evaluation","potentialAction":[{"@type":"SearchAction","target":{"@type":"EntryPoint","urlTemplate":"https:\/\/dev.dgepa.meci.pt\/?s={search_term_string}"},"query-input":{"@type":"PropertyValueSpecification","valueRequired":true,"valueName":"search_term_string"}}],"inLanguage":"en-GB"}]}},"_links":{"self":[{"href":"https:\/\/dgepa.meci.pt\/en\/wp-json\/wp\/v2\/pages\/14","targetHints":{"allow":["GET"]}}],"collection":[{"href":"https:\/\/dgepa.meci.pt\/en\/wp-json\/wp\/v2\/pages"}],"about":[{"href":"https:\/\/dgepa.meci.pt\/en\/wp-json\/wp\/v2\/types\/page"}],"author":[{"embeddable":true,"href":"https:\/\/dgepa.meci.pt\/en\/wp-json\/wp\/v2\/users\/2"}],"replies":[{"embeddable":true,"href":"https:\/\/dgepa.meci.pt\/en\/wp-json\/wp\/v2\/comments?post=14"}],"version-history":[{"count":101,"href":"https:\/\/dgepa.meci.pt\/en\/wp-json\/wp\/v2\/pages\/14\/revisions"}],"predecessor-version":[{"id":3389,"href":"https:\/\/dgepa.meci.pt\/en\/wp-json\/wp\/v2\/pages\/14\/revisions\/3389"}],"wp:attachment":[{"href":"https:\/\/dgepa.meci.pt\/en\/wp-json\/wp\/v2\/media?parent=14"}],"curies":[{"name":"wp","href":"https:\/\/api.w.org\/{rel}","templated":true}]}}