{"id":3322,"date":"2026-03-27T15:49:08","date_gmt":"2026-03-27T15:49:08","guid":{"rendered":"https:\/\/dgepa.meci.pt\/?page_id=3322"},"modified":"2026-03-27T15:58:01","modified_gmt":"2026-03-27T15:58:01","slug":"direcao-de-servicos-de-planeamento-e-coordenacao-orcamental","status":"publish","type":"page","link":"https:\/\/dgepa.meci.pt\/en\/direcao-de-servicos-de-planeamento-e-coordenacao-orcamental\/","title":{"rendered":"Dire\u00e7\u00e3o de Servi\u00e7os de Planeamento e Coordena\u00e7\u00e3o Or\u00e7amental"},"content":{"rendered":"<section id=\"block_ce375dfba546d0c2b9c67608df58ced1\" class=\"content-block b-text --bg-white --width-full\">\n\n\t\t\t<div class=\"c-section-intro --align-left\">\n\t<div class=\"container\">\n\t\t\t\t\t\t\t<h2 class=\"headline-1\">Dire\u00e7\u00e3o de Servi\u00e7os de Planeamento e Coordena\u00e7\u00e3o Or\u00e7amental (DSPCO)<\/h2>\t\t\t\t\t<\/div>\n<\/div>\n\n\t\t\t<div class=\"container\">\n\t\t\t\t\t\t\t\t\t\t\t\t\t\t\t\t\t<div class=\"c-wysiwyg\"><p>\u00c0 <strong>DSPCO<\/strong>, compete:<\/p>\n<p>a) Desenvolver as a\u00e7\u00f5es necess\u00e1rias como entidade coordenadora dos programas or\u00e7amentais da miss\u00e3o de base org\u00e2nica do MECI, assegurando a articula\u00e7\u00e3o entre planeamento estrat\u00e9gico, programa\u00e7\u00e3o financeira e or\u00e7amenta\u00e7\u00e3o por programas;<\/p>\n<p>b) Planear e elaborar o projeto de or\u00e7amento anual de atividades e projetos do MECI, em articula\u00e7\u00e3o com os respetivos \u00f3rg\u00e3os, servi\u00e7os e organismos;<\/p>\n<p>c) Acompanhar a elabora\u00e7\u00e3o, execu\u00e7\u00e3o e monitoriza\u00e7\u00e3o dos or\u00e7amentos de atividades e de projetos do MECI, em colabora\u00e7\u00e3o com os respetivos \u00f3rg\u00e3os, servi\u00e7os e organismos;<\/p>\n<p>d) Elaborar a proposta de or\u00e7amento dos programas or\u00e7amentais e do Quadro Plurianual das Despesas P\u00fablicas (QPDP) do MECI, garantindo o alinhamento com as Grandes Op\u00e7\u00f5es e com os objetivos estrat\u00e9gicos definidos;<\/p>\n<p>e) Colaborar na defini\u00e7\u00e3o e acompanhamento dos modelos de financiamento p\u00fablico do ensino superior, da a\u00e7\u00e3o social do ensino superior e da ci\u00eancia e inova\u00e7\u00e3o;<\/p>\n<p>f) Apoiar a defini\u00e7\u00e3o dos modelos de financiamento e colaborar na fixa\u00e7\u00e3o de objetivos dos contratos-programa a celebrar com as institui\u00e7\u00f5es de ensino superior, assegurando o respetivo acompanhamento e avalia\u00e7\u00e3o econ\u00f3mico-financeira, em articula\u00e7\u00e3o com a DSP4;<\/p>\n<p>g) Emitir pareceres t\u00e9cnicos de enquadramento or\u00e7amental sobre a inscri\u00e7\u00e3o de novas medidas, projetos e reinscri\u00e7\u00e3o de projetos e sobre as demais quest\u00f5es or\u00e7amentais que care\u00e7am de autoriza\u00e7\u00e3o do membro do Governo respons\u00e1vel pela \u00e1rea das finan\u00e7as e respons\u00e1vel pela \u00e1rea setorial;<\/p>\n<p>h) Prestar apoio t\u00e9cnico aos \u00f3rg\u00e3os, servi\u00e7os e estruturas do MECI no \u00e2mbito das compet\u00eancias da DSPCO;<\/p>\n<p>i) Assegurar a atualiza\u00e7\u00e3o dos instrumentos de planeamento financeiro, alinhando-os com as orienta\u00e7\u00f5es de pol\u00edtica or\u00e7amental e com a programa\u00e7\u00e3o por objetivos;<\/p>\n<p>j) Conceber e propor indicadores financeiros de natureza estrat\u00e9gica, destinados a apoiar o planeamento, a monitoriza\u00e7\u00e3o e a avalia\u00e7\u00e3o das pol\u00edticas do MECI;<\/p>\n<p>k) Contribuir, na vertente financeira, para a prepara\u00e7\u00e3o e elabora\u00e7\u00e3o dos instrumentos de planeamento estrat\u00e9gico do MECI e nacionais, nomeadamente os Or\u00e7amentos do Estado, as estrat\u00e9gias de m\u00e9dio e longo prazo, as Grandes Op\u00e7\u00f5es, o Programa Nacional de Reformas, no quadro da Rede de Planeamento e Prospetiva da Administra\u00e7\u00e3o P\u00fablica (REPLAN), em articula\u00e7\u00e3o com a DSP4;<\/p>\n<p>l) Contribuir para a conce\u00e7\u00e3o de iniciativas legislativas do MECI, no \u00e2mbito das su-as compet\u00eancias, em articula\u00e7\u00e3o com a DSP4;<\/p>\n<p>m) Prestar apoio t\u00e9cnico e financeiro \u00e0 defini\u00e7\u00e3o de pol\u00edticas, prioridades e objetivos do MECI, bem como acompanhar e avaliar a execu\u00e7\u00e3o dos respetivos programas e projetos, na vertente econ\u00f3mico- -financeira, em articula\u00e7\u00e3o com a DSP4 e a DSMAPP;<\/p>\n<p>n) Disponibilizar informa\u00e7\u00e3o para a elabora\u00e7\u00e3o dos instrumentos de gest\u00e3o, alinhada com o plano estrat\u00e9gico definido para a DGEPA;<\/p>\n<p>o) Acompanhar e assegurar a aplica\u00e7\u00e3o do modelo de or\u00e7amenta\u00e7\u00e3o por programas, promovendo a liga\u00e7\u00e3o entre objetivos, indicadores, metas e afeta\u00e7\u00e3o or\u00e7a-mental, bem como a monitoriza\u00e7\u00e3o do respetivo desempenho;<\/p>\n<p>p) Propor, em articula\u00e7\u00e3o com os servi\u00e7os e organismos do MECI, a defini\u00e7\u00e3o de objetivos, indicadores e metas dos programas or\u00e7amentais da miss\u00e3o de base org\u00e2nica do MECI, assegurando a sua consist\u00eancia metodol\u00f3gica e a articula\u00e7\u00e3o com o PLANAPP e a Entidade Or\u00e7amental;<\/p>\n<p>q) Participar em exerc\u00edcios de revis\u00e3o da despesa, estudos comparativos e projetos-piloto promovidos por entidades nacionais e internacionais, designadamente pelo Minist\u00e9rio das Finan\u00e7as, pela OCDE, pela Uni\u00e3o Europeia ou por outras organiza\u00e7\u00f5es relevantes, assegurando a representa\u00e7\u00e3o t\u00e9cnica do MECI nestas mat\u00e9rias;<\/p>\n<p>r) Assegurar, no \u00e2mbito das suas fun\u00e7\u00f5es de entidade coordenadora, a identifica\u00e7\u00e3o, enquadramento, prepara\u00e7\u00e3o, programa\u00e7\u00e3o, acompanhamento e reporte dos investimentos estruturantes do MECI, em articula\u00e7\u00e3o com os servi\u00e7os setoriais competentes e com a Entidade Or\u00e7amental, garantindo a sua adequada integra\u00e7\u00e3o nos programas or\u00e7amentais, no Quadro Plurianual das Despesas P\u00fablicas e nos instrumentos de avalia\u00e7\u00e3o e transpar\u00eancia definidos pela \u00e1rea governativa das finan\u00e7as.<\/p>\n<\/div>\n\t\t\t\t\t\t\t\t\t\t\t<\/div>\n\n\t\t<\/section>\n\t\n\n\n\t\t\t\t<section id=\"block_254635d4ba869d5ec9311abd84e4557e\" class=\"content-block b-cta --bg-white --color-black\">\n\t\t\t\t\t\t<div class=\"container\">\n\t\t\t\t<div class=\"info\">\n\t\t\t\t\t\t\t\t\t\t\t\t\t\t\t\t<h2 class=\"title\">Rede Eurydice<\/h2>\t\t\t\t\t\t\t\t\t\t\t\t\t\t\t\t<div class=\"c-description\"><p>A Rede Eurydice \u00e9 uma rede europeia que colige e difunde informa\u00e7\u00e3o comparada sobre as pol\u00edticas e os sistemas educativos europeus, atrav\u00e9s de estudos e an\u00e1lises comparadas em diversas \u00e1reas da Educa\u00e7\u00e3o e Forma\u00e7\u00e3o, desde a educa\u00e7\u00e3o pr\u00e9-escolar ao ensino superior.<br \/>\nA DGEPA coordena a participa\u00e7\u00e3o nacional na Rede Eurydice, assegurando a produ\u00e7\u00e3o e a articula\u00e7\u00e3o da informa\u00e7\u00e3o relativa ao sistema educativo portugu\u00eas.<\/p>\n<\/div>\n\t\t\t\t\t\t\t\t\t<\/div>\n\t\t\t\t\t\t\t\t\t<div class=\"btn-wrapper\">\n\t\t\t\t\t\t\t\t\t\t\t\t<a class=\"c-button --brand\" href=\"https:\/\/www.dgeec.medu.pt\/pagina\/6499db7d9eff36f307f07bdb\/65293837121f641a986cc618\/653b96736ac1e15eea50c5db\" target=\"_blank\">Descubra a Rede Eurydice<\/a>\t\t\t\t\t<\/div>\n\t\t\t\t\t\t\t<\/div>\n\n\t\t<\/section>","protected":false},"excerpt":{"rendered":"","protected":false},"author":3,"featured_media":0,"parent":0,"menu_order":0,"comment_status":"closed","ping_status":"closed","template":"","meta":{"_acf_changed":false,"footnotes":""},"class_list":["post-3322","page","type-page","status-publish","hentry"],"acf":[],"yoast_head":"<!-- This site is optimized with the Yoast SEO plugin v27.5 - https:\/\/yoast.com\/product\/yoast-seo-wordpress\/ -->\n<title>Dire\u00e7\u00e3o de Servi\u00e7os de Planeamento e Coordena\u00e7\u00e3o Or\u00e7amental - DGEPA<\/title>\n<meta name=\"robots\" content=\"index, follow, max-snippet:-1, max-image-preview:large, max-video-preview:-1\" \/>\n<link rel=\"canonical\" href=\"https:\/\/dev.dgepa.meci.pt\/direcao-de-servicos-de-planeamento-e-coordenacao-orcamental\/\" \/>\n<meta property=\"og:locale\" content=\"en_GB\" \/>\n<meta property=\"og:type\" content=\"article\" \/>\n<meta property=\"og:title\" content=\"Dire\u00e7\u00e3o de Servi\u00e7os de Planeamento e Coordena\u00e7\u00e3o Or\u00e7amental - DGEPA\" \/>\n<meta property=\"og:url\" content=\"https:\/\/dev.dgepa.meci.pt\/direcao-de-servicos-de-planeamento-e-coordenacao-orcamental\/\" \/>\n<meta property=\"og:site_name\" content=\"DGEPA\" \/>\n<meta property=\"article:modified_time\" content=\"2026-03-27T15:58:01+00:00\" \/>\n<meta name=\"twitter:card\" content=\"summary_large_image\" \/>\n<script type=\"application\/ld+json\" class=\"yoast-schema-graph\">{\"@context\":\"https:\\\/\\\/schema.org\",\"@graph\":[{\"@type\":\"WebPage\",\"@id\":\"https:\\\/\\\/dev.dgepa.meci.pt\\\/direcao-de-servicos-de-planeamento-e-coordenacao-orcamental\\\/\",\"url\":\"https:\\\/\\\/dev.dgepa.meci.pt\\\/direcao-de-servicos-de-planeamento-e-coordenacao-orcamental\\\/\",\"name\":\"Dire\u00e7\u00e3o de Servi\u00e7os de Planeamento e Coordena\u00e7\u00e3o Or\u00e7amental - DGEPA\",\"isPartOf\":{\"@id\":\"https:\\\/\\\/dev.dgepa.meci.pt\\\/#website\"},\"datePublished\":\"2026-03-27T15:49:08+00:00\",\"dateModified\":\"2026-03-27T15:58:01+00:00\",\"breadcrumb\":{\"@id\":\"https:\\\/\\\/dev.dgepa.meci.pt\\\/direcao-de-servicos-de-planeamento-e-coordenacao-orcamental\\\/#breadcrumb\"},\"inLanguage\":\"en-GB\",\"potentialAction\":[{\"@type\":\"ReadAction\",\"target\":[\"https:\\\/\\\/dev.dgepa.meci.pt\\\/direcao-de-servicos-de-planeamento-e-coordenacao-orcamental\\\/\"]}]},{\"@type\":\"BreadcrumbList\",\"@id\":\"https:\\\/\\\/dev.dgepa.meci.pt\\\/direcao-de-servicos-de-planeamento-e-coordenacao-orcamental\\\/#breadcrumb\",\"itemListElement\":[{\"@type\":\"ListItem\",\"position\":1,\"name\":\"Home\",\"item\":\"https:\\\/\\\/dev.dgepa.meci.pt\\\/\"},{\"@type\":\"ListItem\",\"position\":2,\"name\":\"Dire\u00e7\u00e3o de Servi\u00e7os de Planeamento e Coordena\u00e7\u00e3o Or\u00e7amental\"}]},{\"@type\":\"WebSite\",\"@id\":\"https:\\\/\\\/dev.dgepa.meci.pt\\\/#website\",\"url\":\"https:\\\/\\\/dev.dgepa.meci.pt\\\/\",\"name\":\"DGEPA\",\"description\":\"Dire\u00e7\u00e3o-Geral de Estudos, Planeamento e Avalia\u00e7\u00e3o\",\"potentialAction\":[{\"@type\":\"SearchAction\",\"target\":{\"@type\":\"EntryPoint\",\"urlTemplate\":\"https:\\\/\\\/dev.dgepa.meci.pt\\\/?s={search_term_string}\"},\"query-input\":{\"@type\":\"PropertyValueSpecification\",\"valueRequired\":true,\"valueName\":\"search_term_string\"}}],\"inLanguage\":\"en-GB\"}]}<\/script>\n<!-- \/ Yoast SEO plugin. -->","yoast_head_json":{"title":"Dire\u00e7\u00e3o de Servi\u00e7os de Planeamento e Coordena\u00e7\u00e3o Or\u00e7amental - DGEPA","robots":{"index":"index","follow":"follow","max-snippet":"max-snippet:-1","max-image-preview":"max-image-preview:large","max-video-preview":"max-video-preview:-1"},"canonical":"https:\/\/dev.dgepa.meci.pt\/direcao-de-servicos-de-planeamento-e-coordenacao-orcamental\/","og_locale":"en_GB","og_type":"article","og_title":"Dire\u00e7\u00e3o de Servi\u00e7os de Planeamento e Coordena\u00e7\u00e3o Or\u00e7amental - DGEPA","og_url":"https:\/\/dev.dgepa.meci.pt\/direcao-de-servicos-de-planeamento-e-coordenacao-orcamental\/","og_site_name":"DGEPA","article_modified_time":"2026-03-27T15:58:01+00:00","twitter_card":"summary_large_image","schema":{"@context":"https:\/\/schema.org","@graph":[{"@type":"WebPage","@id":"https:\/\/dev.dgepa.meci.pt\/direcao-de-servicos-de-planeamento-e-coordenacao-orcamental\/","url":"https:\/\/dev.dgepa.meci.pt\/direcao-de-servicos-de-planeamento-e-coordenacao-orcamental\/","name":"Dire\u00e7\u00e3o de Servi\u00e7os de Planeamento e Coordena\u00e7\u00e3o Or\u00e7amental - DGEPA","isPartOf":{"@id":"https:\/\/dev.dgepa.meci.pt\/#website"},"datePublished":"2026-03-27T15:49:08+00:00","dateModified":"2026-03-27T15:58:01+00:00","breadcrumb":{"@id":"https:\/\/dev.dgepa.meci.pt\/direcao-de-servicos-de-planeamento-e-coordenacao-orcamental\/#breadcrumb"},"inLanguage":"en-GB","potentialAction":[{"@type":"ReadAction","target":["https:\/\/dev.dgepa.meci.pt\/direcao-de-servicos-de-planeamento-e-coordenacao-orcamental\/"]}]},{"@type":"BreadcrumbList","@id":"https:\/\/dev.dgepa.meci.pt\/direcao-de-servicos-de-planeamento-e-coordenacao-orcamental\/#breadcrumb","itemListElement":[{"@type":"ListItem","position":1,"name":"Home","item":"https:\/\/dev.dgepa.meci.pt\/"},{"@type":"ListItem","position":2,"name":"Dire\u00e7\u00e3o de Servi\u00e7os de Planeamento e Coordena\u00e7\u00e3o Or\u00e7amental"}]},{"@type":"WebSite","@id":"https:\/\/dev.dgepa.meci.pt\/#website","url":"https:\/\/dev.dgepa.meci.pt\/","name":"DGEPA","description":"Directorate-General for Studies, Planning and Evaluation","potentialAction":[{"@type":"SearchAction","target":{"@type":"EntryPoint","urlTemplate":"https:\/\/dev.dgepa.meci.pt\/?s={search_term_string}"},"query-input":{"@type":"PropertyValueSpecification","valueRequired":true,"valueName":"search_term_string"}}],"inLanguage":"en-GB"}]}},"_links":{"self":[{"href":"https:\/\/dgepa.meci.pt\/en\/wp-json\/wp\/v2\/pages\/3322","targetHints":{"allow":["GET"]}}],"collection":[{"href":"https:\/\/dgepa.meci.pt\/en\/wp-json\/wp\/v2\/pages"}],"about":[{"href":"https:\/\/dgepa.meci.pt\/en\/wp-json\/wp\/v2\/types\/page"}],"author":[{"embeddable":true,"href":"https:\/\/dgepa.meci.pt\/en\/wp-json\/wp\/v2\/users\/3"}],"replies":[{"embeddable":true,"href":"https:\/\/dgepa.meci.pt\/en\/wp-json\/wp\/v2\/comments?post=3322"}],"version-history":[{"count":2,"href":"https:\/\/dgepa.meci.pt\/en\/wp-json\/wp\/v2\/pages\/3322\/revisions"}],"predecessor-version":[{"id":3330,"href":"https:\/\/dgepa.meci.pt\/en\/wp-json\/wp\/v2\/pages\/3322\/revisions\/3330"}],"wp:attachment":[{"href":"https:\/\/dgepa.meci.pt\/en\/wp-json\/wp\/v2\/media?parent=3322"}],"curies":[{"name":"wp","href":"https:\/\/api.w.org\/{rel}","templated":true}]}}